{"id":968,"date":"2022-08-11T10:03:28","date_gmt":"2022-08-11T13:03:28","guid":{"rendered":"http:\/\/www.sintatica.com.br\/asilo\/?page_id=968"},"modified":"2024-09-13T08:05:19","modified_gmt":"2024-09-13T11:05:19","slug":"controle-social","status":"publish","type":"page","link":"https:\/\/asilosaovicente.org.br\/site\/controle-social\/","title":{"rendered":"Controle Social"},"content":{"rendered":"\n<div style=\"height:50px\" aria-hidden=\"true\" class=\"wp-block-spacer\"><\/div>\n\n\n\n<h1 class=\"wp-block-heading\">Controle Social<\/h1>\n\n\n\n<div style=\"height:20px\" aria-hidden=\"true\" class=\"wp-block-spacer\"><\/div>\n\n\n\n<p>A A\u00e7\u00e3o Social do Paran\u00e1, entidade mantenedora do Asilo, est\u00e1 presente em f\u00f3runs, conselhos e confer\u00eancias de controle social nas esferas Municipais, Estaduais e Federal. Estar presente \u00e9 um dos princ\u00edpios seguidos pela ASP, pois s\u00e3o destes espa\u00e7os que contribu\u00edmos para o planejamento e implementa\u00e7\u00e3o das pol\u00edticas p\u00fablicas. Fazemos parte do controle social nas pol\u00edticas de Assist\u00eancia Social e Seguran\u00e7a Alimentar e Nutricional, e na defesa e garantia de direitos da pessoa idosa.<\/p>\n\n\n\n<p><em>Conselho Estadual do Direito do Idoso<\/em><br>Conselheiros Estadual: M\u00f4nica Pereira de Freitas e Maria Regina Topan<\/p>\n\n\n\n<p><em>Conselho Municipal de Sa\u00fade<\/em><br>Conselheiras: Paloma Cristiane Rodrigues Ferreira e Rafaela Linares Fernandes<\/p>\n\n\n\n<p><em>Conselho Municipal de Seguran\u00e7a Alimentar e Nutricional<\/em><br>Conselheiras: J\u00e9ssica de Lima e Caroline Mielke<\/p>\n\n\n\n<p><em>Conselho Municipal dos Direitos da Crian\u00e7a e do Adolescente<\/em><br>Conselheiros: Tatyanne Franciely Santana e Maiara Barbosa de\u00a0Angreves<\/p>\n\n\n\n<div style=\"height:100px\" aria-hidden=\"true\" class=\"wp-block-spacer\"><\/div>\n","protected":false},"excerpt":{"rendered":"<p>Controle Social A A\u00e7\u00e3o Social do Paran\u00e1, entidade mantenedora do Asilo, est\u00e1 presente em f\u00f3runs, conselhos e confer\u00eancias de controle social nas esferas Municipais, Estaduais e Federal. Estar presente \u00e9 um dos princ\u00edpios seguidos pela ASP, pois s\u00e3o destes espa\u00e7os que contribu\u00edmos para o planejamento e implementa\u00e7\u00e3o das pol\u00edticas p\u00fablicas. Fazemos parte do controle social &hellip;<\/p>\n<p class=\"read-more\"> <a class=\"\" href=\"https:\/\/asilosaovicente.org.br\/site\/controle-social\/\"> <span class=\"screen-reader-text\">Controle Social<\/span> Leia mais &raquo;<\/a><\/p>\n","protected":false},"author":1,"featured_media":0,"parent":0,"menu_order":0,"comment_status":"closed","ping_status":"closed","template":"","meta":{"footnotes":""},"class_list":["post-968","page","type-page","status-publish","hentry"],"uagb_featured_image_src":{"full":false,"thumbnail":false,"medium":false,"medium_large":false,"large":false,"1536x1536":false,"2048x2048":false},"uagb_author_info":{"display_name":"Asilo adm","author_link":"https:\/\/asilosaovicente.org.br\/site\/author\/asilo-adm\/"},"uagb_comment_info":0,"uagb_excerpt":"Controle Social A A\u00e7\u00e3o Social do Paran\u00e1, entidade mantenedora do Asilo, est\u00e1 presente em f\u00f3runs, conselhos e confer\u00eancias de controle social nas esferas Municipais, Estaduais e Federal. Estar presente \u00e9 um dos princ\u00edpios seguidos pela ASP, pois s\u00e3o destes espa\u00e7os que contribu\u00edmos para o planejamento e implementa\u00e7\u00e3o das pol\u00edticas p\u00fablicas. Fazemos parte do controle social&hellip;","_links":{"self":[{"href":"https:\/\/asilosaovicente.org.br\/site\/wp-json\/wp\/v2\/pages\/968","targetHints":{"allow":["GET"]}}],"collection":[{"href":"https:\/\/asilosaovicente.org.br\/site\/wp-json\/wp\/v2\/pages"}],"about":[{"href":"https:\/\/asilosaovicente.org.br\/site\/wp-json\/wp\/v2\/types\/page"}],"author":[{"embeddable":true,"href":"https:\/\/asilosaovicente.org.br\/site\/wp-json\/wp\/v2\/users\/1"}],"replies":[{"embeddable":true,"href":"https:\/\/asilosaovicente.org.br\/site\/wp-json\/wp\/v2\/comments?post=968"}],"version-history":[{"count":1,"href":"https:\/\/asilosaovicente.org.br\/site\/wp-json\/wp\/v2\/pages\/968\/revisions"}],"predecessor-version":[{"id":1545,"href":"https:\/\/asilosaovicente.org.br\/site\/wp-json\/wp\/v2\/pages\/968\/revisions\/1545"}],"wp:attachment":[{"href":"https:\/\/asilosaovicente.org.br\/site\/wp-json\/wp\/v2\/media?parent=968"}],"curies":[{"name":"wp","href":"https:\/\/api.w.org\/{rel}","templated":true}]}}